{"id":118,"date":"2021-06-08T15:14:08","date_gmt":"2021-06-08T13:14:08","guid":{"rendered":"http:\/\/tedwota.cluster029.hosting.ovh.net\/?page_id=118"},"modified":"2024-11-20T14:06:04","modified_gmt":"2024-11-20T13:06:04","slug":"contact-meubles-de-tourisme-apparthotel-a-saint-etienne-confort-et-tres-bon-emplacement-2","status":"publish","type":"page","link":"http:\/\/appart-hotel-saintetienne.com\/index.php\/contact-meubles-de-tourisme-apparthotel-a-saint-etienne-confort-et-tres-bon-emplacement-2\/","title":{"rendered":"Contact +33606718837 \/ FAQ"},"content":{"rendered":"\n<div class=\"wpcf7 no-js\" id=\"wpcf7-f117-o1\" lang=\"fr-FR\" dir=\"ltr\">\n<div class=\"screen-reader-response\"><p role=\"status\" aria-live=\"polite\" aria-atomic=\"true\"><\/p> <ul><\/ul><\/div>\n<form action=\"\/index.php\/wp-json\/wp\/v2\/pages\/118#wpcf7-f117-o1\" method=\"post\" class=\"wpcf7-form init\" aria-label=\"Formulaire de contact\" novalidate=\"novalidate\" data-status=\"init\">\n<div style=\"display: none;\">\n<input type=\"hidden\" name=\"_wpcf7\" value=\"117\" \/>\n<input type=\"hidden\" name=\"_wpcf7_version\" value=\"5.7.7\" \/>\n<input type=\"hidden\" name=\"_wpcf7_locale\" value=\"fr_FR\" \/>\n<input type=\"hidden\" name=\"_wpcf7_unit_tag\" value=\"wpcf7-f117-o1\" \/>\n<input type=\"hidden\" name=\"_wpcf7_container_post\" value=\"0\" \/>\n<input type=\"hidden\" name=\"_wpcf7_posted_data_hash\" value=\"\" \/>\n<\/div>\n<p><label> Votre nom<br \/>\n<span class=\"wpcf7-form-control-wrap\" data-name=\"your-name\"><input size=\"40\" class=\"wpcf7-form-control wpcf7-text wpcf7-validates-as-required\" aria-required=\"true\" aria-invalid=\"false\" value=\"\" type=\"text\" name=\"your-name\" \/><\/span> <\/label>\n<\/p>\n<p><label> Votre e-mail<br \/>\n<span class=\"wpcf7-form-control-wrap\" data-name=\"your-email\"><input size=\"40\" class=\"wpcf7-form-control wpcf7-text wpcf7-email wpcf7-validates-as-required wpcf7-validates-as-email\" aria-required=\"true\" aria-invalid=\"false\" value=\"\" type=\"email\" name=\"your-email\" \/><\/span> <\/label>\n<\/p>\n<p><label> Objet<br \/>\n<span class=\"wpcf7-form-control-wrap\" data-name=\"your-subject\"><input size=\"40\" class=\"wpcf7-form-control wpcf7-text wpcf7-validates-as-required\" aria-required=\"true\" aria-invalid=\"false\" value=\"\" type=\"text\" name=\"your-subject\" \/><\/span> <\/label>\n<\/p>\n<p><label> Votre message (facultatif)<br \/>\n<span class=\"wpcf7-form-control-wrap\" data-name=\"your-message\"><textarea cols=\"40\" rows=\"10\" class=\"wpcf7-form-control wpcf7-textarea\" aria-invalid=\"false\" name=\"your-message\"><\/textarea><\/span> <\/label>\n<\/p>\n<p><input class=\"wpcf7-form-control has-spinner wpcf7-submit\" type=\"submit\" value=\"Envoyer\" \/>\n<\/p><div class=\"wpcf7-response-output\" aria-hidden=\"true\"><\/div>\n<\/form>\n<\/div>\n\n<p>&nbsp;<\/p>\n<h4><strong>QUELLE EST L\u2019HEURE D\u2019ARRIV\u00c9E ET DE D\u00c9PART ?<\/strong><\/h4>\n<p>Le check-in (arriv\u00e9e dans l\u2019appartement) est possible \u00e0 partir de 16h jusqu&rsquo;\u00e0 l&rsquo;heure que vous souhaitez car les cl\u00e9s se r\u00e9cup\u00e8re \u00e0 l&rsquo;aide d&rsquo;une bo\u00eete \u00e0 cl\u00e9s et le check-out (d\u00e9part de l\u2019appartement) doit \u00eatre fait au plus tard \u00e0 11h. Il est possible d\u2019arriver avant 16h \u00e0 condition que le m\u00e9nage est \u00e9t\u00e9 r\u00e9alis\u00e9, veuillez nous contacter pour validation.<\/p>\n<h4><strong>DOIS-JE PAYER UN ACOMPTE ?<\/strong><\/h4>\n<p>A la r\u00e9servation le montant de la r\u00e9servation est encaiss\u00e9. En cas d\u2019annulation jusque 20 jours avant la date d\u2019arriv\u00e9e ce montant vous est int\u00e9gralement rembours\u00e9.<\/p>\n<h4><strong>VAIS-JE RECEVOIR UNE FACTURE \u00c0 L\u2019ISSUE DU S\u00c9JOUR ?<\/strong><\/h4>\n<p>Oui nous vous donnerons une facture sur simple demande de votre part.<\/p>\n<h4><strong>ANNULATION DE LOCATION<\/strong><\/h4>\n<p>Aucun remboursement ne sera effectu\u00e9 en cas d\u2019annulation 20 jours avant votre arriv\u00e9e dans l\u2019appartement.<\/p>\n<h4><strong>LES APPARTEMENTS SONT IL \u00c0 UN \u00c9TAGE ?<\/strong><\/h4>\n<p>Oui, ils se situe au 2eme \u00e9tage\u00a0 sans ascenseur . I<\/p>\n<p>ils ne sont pas accessibles aux personnes \u00e0 mobilit\u00e9 r\u00e9duite.<\/p>\n<h4><strong>LES ANIMAUX SONT ILS AUTORIS\u00c9S ?<\/strong><\/h4>\n<p>Nous aimons beaucoup les animaux mais ils sont malheureusement interdits dans l\u2019appartement pour des raisons d\u2019hygi\u00e8ne.<\/p>\n<h4><strong>L\u2019APPARTEMENT EST IL FUMEUR ?<\/strong><\/h4>\n<p>Il est strictement interdit de fumer dans l\u2019appartement (l\u2019appartement est \u00e9quip\u00e9 d\u2019un d\u00e9tecteur de fum\u00e9e).<\/p>\n<h4><strong>QUI CONTACTER EN CAS DE PROBL\u00c8MES ?<\/strong><\/h4>\n<p>Toutes les informations utiles seront dans le livret d\u2019accueil qui vous sera remis \u00e0 votre arriv\u00e9e.<\/p>\n<h4><strong>COMBIEN DE PERSONNES PEUVENT DORMIR DANS L\u2019APPARTEMENT ?<\/strong><\/h4>\n<p>Les appartements peuvent \u00e9galement accueillir jusqu&rsquo;\u00e0 4 personnes. Il y a 1 lits (140\u00d7190) avec matelas confortable, et aussi 1\u00a0 canap\u00e9 lit avec vrai matelas (140&#215;190).<\/p>\n<h4><strong>LES SERVIETTES DE BAIN SONT-ELLES FOURNIES ?<\/strong><\/h4>\n<p>Oui, notamment des serviettes de bain sont syst\u00e9matiquement fournies.<\/p>\n<h4><strong>LE M\u00c9NAGE EST-IL INCLUS LE S\u00c9JOUR ?<\/strong><\/h4>\n<p>Un forfait d\u00e9sinfection et m\u00e9nage est aussi inclus dans le prix de la location (20 euros \u00e0 25 euros par s\u00e9jour) afin que\u00a0 l\u2019appartement vous soit livr\u00e9 propre pour votre arriv\u00e9e.<\/p>\n<p>Cependant le locataire est tenu de le rendre dans son \u00e9tat d\u2019utilisation normale (vaisselle faite, sol propre, etc\u2026). Un service de m\u00e9nage (35 \u20ac) vous sera factur\u00e9 si il est n\u00e9cessaire de r\u00e9aliser un nettoyage de plus d\u2019une heure.<\/p>\n<h4><strong>O\u00d9 PUIS JE ME GARER ?<\/strong><\/h4>\n<p>\u2013 Le Stationnement est \u00e9galement \u00e0 proximit\u00e9 de l\u2019appartement qui est n\u00e9anmoins payant mais \u00e0 un prix tr\u00e8s raisonnable 2.20 Euros pour 24H de stationnement, All\u00e9e Chantegrillet ou rue de la Richelandi\u00e8re.<\/p>\n<p>cependant,\u00a0certes,\u00a0c\u2019est pourquoi,\u00a0c\u2019est qu\u2019en effet,\u00a0c\u2019est-\u00e0-dire,\u00a0contrairement \u00e0,\u00a0conform\u00e9ment<\/p>\n<p>&nbsp;<\/p>\n<p>&nbsp;<\/p>\n","protected":false},"excerpt":{"rendered":"<p>&nbsp; QUELLE EST L\u2019HEURE D\u2019ARRIV\u00c9E ET DE D\u00c9PART ? Le check-in (arriv\u00e9e dans l\u2019appartement) est possible \u00e0 partir de 16h jusqu&rsquo;\u00e0 l&rsquo;heure que vous souhaitez car les cl\u00e9s se r\u00e9cup\u00e8re \u00e0 l&rsquo;aide d&rsquo;une bo\u00eete \u00e0 cl\u00e9s et le check-out (d\u00e9part de l\u2019appartement) doit \u00eatre fait au plus tard \u00e0 11h. Il est possible d\u2019arriver avant 16h \u00e0 condition que le m\u00e9nage est \u00e9t\u00e9 r\u00e9alis\u00e9, veuillez nous contacter pour validation. DOIS-JE PAYER UN ACOMPTE ? A la r\u00e9servation le montant de la r\u00e9servation est encaiss\u00e9. En cas d\u2019annulation jusque 20 jours avant la date d\u2019arriv\u00e9e ce montant vous est int\u00e9gralement rembours\u00e9. VAIS-JE RECEVOIR UNE FACTURE \u00c0 L\u2019ISSUE DU S\u00c9JOUR ? Oui nous vous donnerons une facture sur simple demande de votre part. ANNULATION DE LOCATION Aucun remboursement ne sera effectu\u00e9 en cas d\u2019annulation 20 jours avant votre arriv\u00e9e dans l\u2019appartement. LES APPARTEMENTS SONT IL \u00c0 UN \u00c9TAGE ? Oui, ils se situe au 2eme \u00e9tage\u00a0 sans ascenseur . I ils ne sont pas accessibles aux personnes \u00e0 mobilit\u00e9 r\u00e9duite. LES ANIMAUX SONT ILS AUTORIS\u00c9S ? Nous aimons beaucoup les animaux mais ils sont malheureusement interdits dans l\u2019appartement pour des raisons d\u2019hygi\u00e8ne. L\u2019APPARTEMENT EST IL FUMEUR ? Il est strictement interdit de fumer dans l\u2019appartement (l\u2019appartement est \u00e9quip\u00e9 d\u2019un d\u00e9tecteur de fum\u00e9e). QUI CONTACTER EN CAS DE PROBL\u00c8MES ? Toutes les informations utiles seront dans le livret d\u2019accueil qui vous sera remis \u00e0 votre arriv\u00e9e. COMBIEN DE PERSONNES PEUVENT DORMIR DANS L\u2019APPARTEMENT ? Les appartements peuvent \u00e9galement accueillir jusqu&rsquo;\u00e0 4 personnes. Il y a 1 lits (140\u00d7190) avec matelas confortable, et aussi 1\u00a0 canap\u00e9 lit avec vrai matelas (140&#215;190). LES SERVIETTES DE BAIN SONT-ELLES FOURNIES ? Oui, notamment des serviettes de bain sont syst\u00e9matiquement fournies. LE M\u00c9NAGE EST-IL INCLUS LE S\u00c9JOUR ? Un forfait d\u00e9sinfection et m\u00e9nage est aussi inclus dans le prix de la location (20 euros \u00e0 25 euros par s\u00e9jour) afin que\u00a0 l\u2019appartement vous soit livr\u00e9 propre pour votre arriv\u00e9e. Cependant le locataire est tenu de le rendre dans son \u00e9tat d\u2019utilisation normale (vaisselle faite, sol propre, etc\u2026). Un service de m\u00e9nage (35 \u20ac) vous sera factur\u00e9 si il est n\u00e9cessaire de r\u00e9aliser un nettoyage de plus d\u2019une heure. O\u00d9 PUIS JE ME GARER ? \u2013 Le Stationnement est \u00e9galement \u00e0 proximit\u00e9 de l\u2019appartement qui est n\u00e9anmoins payant mais \u00e0 un prix tr\u00e8s raisonnable 2.20 Euros pour 24H de stationnement, All\u00e9e Chantegrillet ou rue de la Richelandi\u00e8re. cependant,\u00a0certes,\u00a0c\u2019est pourquoi,\u00a0c\u2019est qu\u2019en effet,\u00a0c\u2019est-\u00e0-dire,\u00a0contrairement \u00e0,\u00a0conform\u00e9ment &nbsp; &nbsp;<\/p>\n","protected":false},"author":3,"featured_media":0,"parent":0,"menu_order":0,"comment_status":"closed","ping_status":"closed","template":"","meta":[],"yoast_head":"<!-- This site is optimized with the Yoast SEO plugin v21.8.1 - https:\/\/yoast.com\/wordpress\/plugins\/seo\/ -->\n<title>Contact +33606718837 \/ FAQ - Apparth\u00f4tel-saint-etienne Contact +33606718837 \/ FAQ Contact +33606718837 \/ FAQ<\/title>\n<meta name=\"description\" content=\"Meubl\u00e9s-de-Tourisme-Appart&#039;H\u00f4tel-a-Saint-Etienne-Confort et tr\u00e8s bon emplacement-Pour vos Proximit\u00e9 de la Gare de Ch\u00e2teaucreux,du Tramways. %\" \/>\n<meta name=\"robots\" content=\"index, follow, max-snippet:-1, max-image-preview:large, max-video-preview:-1\" \/>\n<link rel=\"canonical\" href=\"http:\/\/appart-hotel-saintetienne.com\/index.php\/contact-meubles-de-tourisme-apparthotel-a-saint-etienne-confort-et-tres-bon-emplacement-2\/\" \/>\n<meta property=\"og:locale\" content=\"fr_FR\" \/>\n<meta property=\"og:type\" content=\"article\" \/>\n<meta property=\"og:title\" content=\"Contact +33606718837 \/ FAQ - Apparth\u00f4tel-saint-etienne Contact +33606718837 \/ FAQ Contact +33606718837 \/ FAQ\" \/>\n<meta property=\"og:description\" content=\"Meubl\u00e9s-de-Tourisme-Appart&#039;H\u00f4tel-a-Saint-Etienne-Confort et tr\u00e8s bon emplacement-Pour vos Proximit\u00e9 de la Gare de Ch\u00e2teaucreux,du Tramways. %\" \/>\n<meta property=\"og:url\" content=\"http:\/\/appart-hotel-saintetienne.com\/index.php\/contact-meubles-de-tourisme-apparthotel-a-saint-etienne-confort-et-tres-bon-emplacement-2\/\" \/>\n<meta property=\"og:site_name\" content=\"Apparth\u00f4tel-saint-etienne\" \/>\n<meta property=\"article:modified_time\" content=\"2024-11-20T13:06:04+00:00\" \/>\n<meta name=\"twitter:card\" content=\"summary_large_image\" \/>\n<meta name=\"twitter:label1\" content=\"Dur\u00e9e de lecture estim\u00e9e\" \/>\n\t<meta name=\"twitter:data1\" content=\"3 minutes\" \/>\n<script type=\"application\/ld+json\" class=\"yoast-schema-graph\">{\"@context\":\"https:\/\/schema.org\",\"@graph\":[{\"@type\":\"WebPage\",\"@id\":\"http:\/\/appart-hotel-saintetienne.com\/index.php\/contact-meubles-de-tourisme-apparthotel-a-saint-etienne-confort-et-tres-bon-emplacement-2\/\",\"url\":\"http:\/\/appart-hotel-saintetienne.com\/index.php\/contact-meubles-de-tourisme-apparthotel-a-saint-etienne-confort-et-tres-bon-emplacement-2\/\",\"name\":\"Contact +33606718837 \/ FAQ - Apparth\u00f4tel-saint-etienne Contact +33606718837 \/ FAQ Contact +33606718837 \/ FAQ\",\"isPartOf\":{\"@id\":\"http:\/\/appart-hotel-saintetienne.com\/#website\"},\"datePublished\":\"2021-06-08T13:14:08+00:00\",\"dateModified\":\"2024-11-20T13:06:04+00:00\",\"description\":\"Meubl\u00e9s-de-Tourisme-Appart'H\u00f4tel-a-Saint-Etienne-Confort et tr\u00e8s bon emplacement-Pour vos Proximit\u00e9 de la Gare de Ch\u00e2teaucreux,du Tramways. %\",\"breadcrumb\":{\"@id\":\"http:\/\/appart-hotel-saintetienne.com\/index.php\/contact-meubles-de-tourisme-apparthotel-a-saint-etienne-confort-et-tres-bon-emplacement-2\/#breadcrumb\"},\"inLanguage\":\"fr-FR\",\"potentialAction\":[{\"@type\":\"ReadAction\",\"target\":[\"http:\/\/appart-hotel-saintetienne.com\/index.php\/contact-meubles-de-tourisme-apparthotel-a-saint-etienne-confort-et-tres-bon-emplacement-2\/\"]}]},{\"@type\":\"BreadcrumbList\",\"@id\":\"http:\/\/appart-hotel-saintetienne.com\/index.php\/contact-meubles-de-tourisme-apparthotel-a-saint-etienne-confort-et-tres-bon-emplacement-2\/#breadcrumb\",\"itemListElement\":[{\"@type\":\"ListItem\",\"position\":1,\"name\":\"Accueil\",\"item\":\"http:\/\/appart-hotel-saintetienne.com\/\"},{\"@type\":\"ListItem\",\"position\":2,\"name\":\"Contact +33606718837 \/ FAQ\"}]},{\"@type\":\"WebSite\",\"@id\":\"http:\/\/appart-hotel-saintetienne.com\/#website\",\"url\":\"http:\/\/appart-hotel-saintetienne.com\/\",\"name\":\"Apparth\u00f4tel-saint-etienne\",\"description\":\"Un agr\u00e9able s\u00e9jour dans la ville de saint-etienne\",\"potentialAction\":[{\"@type\":\"SearchAction\",\"target\":{\"@type\":\"EntryPoint\",\"urlTemplate\":\"http:\/\/appart-hotel-saintetienne.com\/?s={search_term_string}\"},\"query-input\":\"required name=search_term_string\"}],\"inLanguage\":\"fr-FR\"}]}<\/script>\n<!-- \/ Yoast SEO plugin. -->","yoast_head_json":{"title":"Contact +33606718837 \/ FAQ - Apparth\u00f4tel-saint-etienne Contact +33606718837 \/ FAQ Contact +33606718837 \/ FAQ","description":"Meubl\u00e9s-de-Tourisme-Appart'H\u00f4tel-a-Saint-Etienne-Confort et tr\u00e8s bon emplacement-Pour vos Proximit\u00e9 de la Gare de Ch\u00e2teaucreux,du Tramways. %","robots":{"index":"index","follow":"follow","max-snippet":"max-snippet:-1","max-image-preview":"max-image-preview:large","max-video-preview":"max-video-preview:-1"},"canonical":"http:\/\/appart-hotel-saintetienne.com\/index.php\/contact-meubles-de-tourisme-apparthotel-a-saint-etienne-confort-et-tres-bon-emplacement-2\/","og_locale":"fr_FR","og_type":"article","og_title":"Contact +33606718837 \/ FAQ - Apparth\u00f4tel-saint-etienne Contact +33606718837 \/ FAQ Contact +33606718837 \/ FAQ","og_description":"Meubl\u00e9s-de-Tourisme-Appart'H\u00f4tel-a-Saint-Etienne-Confort et tr\u00e8s bon emplacement-Pour vos Proximit\u00e9 de la Gare de Ch\u00e2teaucreux,du Tramways. %","og_url":"http:\/\/appart-hotel-saintetienne.com\/index.php\/contact-meubles-de-tourisme-apparthotel-a-saint-etienne-confort-et-tres-bon-emplacement-2\/","og_site_name":"Apparth\u00f4tel-saint-etienne","article_modified_time":"2024-11-20T13:06:04+00:00","twitter_card":"summary_large_image","twitter_misc":{"Dur\u00e9e de lecture estim\u00e9e":"3 minutes"},"schema":{"@context":"https:\/\/schema.org","@graph":[{"@type":"WebPage","@id":"http:\/\/appart-hotel-saintetienne.com\/index.php\/contact-meubles-de-tourisme-apparthotel-a-saint-etienne-confort-et-tres-bon-emplacement-2\/","url":"http:\/\/appart-hotel-saintetienne.com\/index.php\/contact-meubles-de-tourisme-apparthotel-a-saint-etienne-confort-et-tres-bon-emplacement-2\/","name":"Contact +33606718837 \/ FAQ - Apparth\u00f4tel-saint-etienne Contact +33606718837 \/ FAQ Contact +33606718837 \/ FAQ","isPartOf":{"@id":"http:\/\/appart-hotel-saintetienne.com\/#website"},"datePublished":"2021-06-08T13:14:08+00:00","dateModified":"2024-11-20T13:06:04+00:00","description":"Meubl\u00e9s-de-Tourisme-Appart'H\u00f4tel-a-Saint-Etienne-Confort et tr\u00e8s bon emplacement-Pour vos Proximit\u00e9 de la Gare de Ch\u00e2teaucreux,du Tramways. %","breadcrumb":{"@id":"http:\/\/appart-hotel-saintetienne.com\/index.php\/contact-meubles-de-tourisme-apparthotel-a-saint-etienne-confort-et-tres-bon-emplacement-2\/#breadcrumb"},"inLanguage":"fr-FR","potentialAction":[{"@type":"ReadAction","target":["http:\/\/appart-hotel-saintetienne.com\/index.php\/contact-meubles-de-tourisme-apparthotel-a-saint-etienne-confort-et-tres-bon-emplacement-2\/"]}]},{"@type":"BreadcrumbList","@id":"http:\/\/appart-hotel-saintetienne.com\/index.php\/contact-meubles-de-tourisme-apparthotel-a-saint-etienne-confort-et-tres-bon-emplacement-2\/#breadcrumb","itemListElement":[{"@type":"ListItem","position":1,"name":"Accueil","item":"http:\/\/appart-hotel-saintetienne.com\/"},{"@type":"ListItem","position":2,"name":"Contact +33606718837 \/ FAQ"}]},{"@type":"WebSite","@id":"http:\/\/appart-hotel-saintetienne.com\/#website","url":"http:\/\/appart-hotel-saintetienne.com\/","name":"Apparth\u00f4tel-saint-etienne","description":"Un agr\u00e9able s\u00e9jour dans la ville de saint-etienne","potentialAction":[{"@type":"SearchAction","target":{"@type":"EntryPoint","urlTemplate":"http:\/\/appart-hotel-saintetienne.com\/?s={search_term_string}"},"query-input":"required name=search_term_string"}],"inLanguage":"fr-FR"}]}},"_links":{"self":[{"href":"http:\/\/appart-hotel-saintetienne.com\/index.php\/wp-json\/wp\/v2\/pages\/118"}],"collection":[{"href":"http:\/\/appart-hotel-saintetienne.com\/index.php\/wp-json\/wp\/v2\/pages"}],"about":[{"href":"http:\/\/appart-hotel-saintetienne.com\/index.php\/wp-json\/wp\/v2\/types\/page"}],"author":[{"embeddable":true,"href":"http:\/\/appart-hotel-saintetienne.com\/index.php\/wp-json\/wp\/v2\/users\/3"}],"replies":[{"embeddable":true,"href":"http:\/\/appart-hotel-saintetienne.com\/index.php\/wp-json\/wp\/v2\/comments?post=118"}],"version-history":[{"count":14,"href":"http:\/\/appart-hotel-saintetienne.com\/index.php\/wp-json\/wp\/v2\/pages\/118\/revisions"}],"predecessor-version":[{"id":293,"href":"http:\/\/appart-hotel-saintetienne.com\/index.php\/wp-json\/wp\/v2\/pages\/118\/revisions\/293"}],"wp:attachment":[{"href":"http:\/\/appart-hotel-saintetienne.com\/index.php\/wp-json\/wp\/v2\/media?parent=118"}],"curies":[{"name":"wp","href":"https:\/\/api.w.org\/{rel}","templated":true}]}}